{"id":6,"date":"2018-04-23T09:00:09","date_gmt":"2018-04-23T09:00:09","guid":{"rendered":"http:\/\/bridge231.qodeinteractive.com\/?page_id=6"},"modified":"2024-10-30T09:22:58","modified_gmt":"2024-10-30T09:22:58","slug":"home","status":"publish","type":"page","link":"https:\/\/memoria.escuelateresiana.com\/2022-23\/","title":{"rendered":"Inicio"},"content":{"rendered":"<p>[vc_row css_animation=\u00bb\u00bb row_type=\u00bbrow\u00bb use_row_as_full_screen_section=\u00bbno\u00bb type=\u00bbfull_width\u00bb angled_section=\u00bbno\u00bb text_align=\u00bbleft\u00bb background_image_as_pattern=\u00bbwithout_pattern\u00bb z_index=\u00bb5&#8243;][vc_column css=\u00bb.vc_custom_1525095376667{margin-bottom: -3% !important;}\u00bb][rev_slider_vc alias=\u00bbslider-2&#8243;][\/vc_column][\/vc_row][vc_row css_animation=\u00bb\u00bb row_type=\u00bbrow\u00bb use_row_as_full_screen_section=\u00bbno\u00bb type=\u00bbgrid\u00bb angled_section=\u00bbno\u00bb text_align=\u00bbcenter\u00bb background_image_as_pattern=\u00bbwithout_pattern\u00bb padding_top=\u00bb82&#8243; padding_bottom=\u00bb40&#8243; z_index=\u00bb5&#8243; css=\u00bb.vc_custom_1699973713987{background: #ffffff url(https:\/\/memoria.escuelateresiana.com\/2022-23\/wp-content\/uploads\/2023\/11\/fondook-1024&#215;409-1.jpeg?id=1745) !important;background-position: center !important;background-repeat: no-repeat !important;background-size: contain !important;}\u00bb][vc_column css=\u00bb.vc_custom_1525961830607{margin-top: -1% !important;}\u00bb][vc_empty_space height=\u00bb15px\u00bb][vc_column_text]<\/p>\n<h2><span style=\"color: #23406a;\">Las grandes cifras de la FET<\/span><\/h2>\n<p>[\/vc_column_text][vc_empty_space height=\u00bb24px\u00bb][vc_row_inner row_type=\u00bbrow\u00bb type=\u00bbfull_width\u00bb text_align=\u00bbleft\u00bb css_animation=\u00bb\u00bb][vc_column_inner width=\u00bb1\/3&#8243;][vc_empty_space height=\u00bb20px\u00bb][vc_single_image image=\u00bb1740&#8243; img_size=\u00bbfull\u00bb alignment=\u00bbcenter\u00bb qode_css_animation=\u00bb\u00bb]<div class=\"q_counter_holder  center\" style=\"\" data-digit=\"16560\"><span class=\"counter  zero\" style=\"color: #45ac34;font-weight: 700;\">16560<\/span><span class=\"separator small\" style=\"\"><\/span><p class=\"counter_text\" style=\"color: #23406a;\">Alumnos<\/p><\/div>[\/vc_column_inner][vc_column_inner width=\u00bb1\/3&#8243;][vc_empty_space height=\u00bb20px\u00bb][vc_single_image image=\u00bb1741&#8243; img_size=\u00bbfull\u00bb alignment=\u00bbcenter\u00bb qode_css_animation=\u00bb\u00bb]<div class=\"q_counter_holder  center\" style=\"\" data-digit=\"11727\"><span class=\"counter  zero\" style=\"color: #45ac34;font-weight: 700;\">11727<\/span><span class=\"separator small\" style=\"\"><\/span><p class=\"counter_text\" style=\"color: #23406a;\">Familias<\/p><\/div>[\/vc_column_inner][vc_column_inner width=\u00bb1\/3&#8243;][vc_empty_space height=\u00bb20px\u00bb][vc_single_image image=\u00bb1742&#8243; img_size=\u00bbfull\u00bb alignment=\u00bbcenter\u00bb qode_css_animation=\u00bb\u00bb]<div class=\"q_counter_holder  center\" style=\"\" data-digit=\"1771\"><span class=\"counter  zero\" style=\"color: #45ac34;font-weight: 700;\">1771<\/span><span class=\"separator small\" style=\"\"><\/span><p class=\"counter_text\" style=\"color: #23406a;\">Educadores<\/p><\/div>[\/vc_column_inner][\/vc_row_inner][vc_row_inner row_type=\u00bbrow\u00bb type=\u00bbfull_width\u00bb text_align=\u00bbleft\u00bb css_animation=\u00bb\u00bb][vc_column_inner width=\u00bb1\/3&#8243;][vc_empty_space height=\u00bb20px\u00bb][vc_single_image image=\u00bb1747&#8243; img_size=\u00bbfull\u00bb alignment=\u00bbcenter\u00bb qode_css_animation=\u00bb\u00bb]<div class=\"q_counter_holder  center\" style=\"\" data-digit=\"22\"><span class=\"counter  zero\" style=\"color: #45ac34;font-weight: 700;\">22<\/span><span class=\"separator small\" style=\"\"><\/span><p class=\"counter_text\" style=\"color: #23406a;\">Colegios<\/p><\/div>[\/vc_column_inner][vc_column_inner width=\u00bb1\/3&#8243;][vc_empty_space height=\u00bb20px\u00bb][vc_single_image image=\u00bb1748&#8243; img_size=\u00bbfull\u00bb alignment=\u00bbcenter\u00bb qode_css_animation=\u00bb\u00bb]<div class=\"q_counter_holder  center\" style=\"\" data-digit=\"12\"><span class=\"counter  zero\" style=\"color: #45ac34;font-weight: 700;\">12<\/span><span class=\"separator small\" style=\"\"><\/span><p class=\"counter_text\" style=\"color: #23406a;\">Comunidades aut\u00f3nomas<\/p><\/div>[\/vc_column_inner][vc_column_inner width=\u00bb1\/3&#8243;][vc_empty_space height=\u00bb20px\u00bb][vc_single_image image=\u00bb1743&#8243; img_size=\u00bbfull\u00bb alignment=\u00bbcenter\u00bb qode_css_animation=\u00bb\u00bb]<div class=\"q_counter_holder  center\" style=\"\" data-digit=\"86\"><span class=\"counter  zero\" style=\"color: #45ac34;font-weight: 700;\">86<\/span><span class=\"separator small\" style=\"\"><\/span><p class=\"counter_text\" style=\"color: #23406a;\">Cursos de formaci\u00f3n<\/p><\/div>[\/vc_column_inner][\/vc_row_inner][\/vc_column][\/vc_row][vc_row css_animation=\u00bb\u00bb row_type=\u00bbrow\u00bb use_row_as_full_screen_section=\u00bbno\u00bb type=\u00bbgrid\u00bb angled_section=\u00bbno\u00bb text_align=\u00bbleft\u00bb background_image_as_pattern=\u00bbwithout_pattern\u00bb css=\u00bb.vc_custom_1699270637279{background-color: #f7f7f7 !important;}\u00bb z_index=\u00bb\u00bb padding_top=\u00bb80&#8243; padding_bottom=\u00bb80&#8243;][vc_column][vc_column_text]<\/p>\n<h2 style=\"text-align: center;\"><span style=\"color: #23406a;\">Los Proyectos de 2022 \/ 2023<\/span><\/h2>\n<p>[\/vc_column_text][vc_empty_space height=\u00bb60px\u00bb][vc_column_text]<\/p>\n<h3><span style=\"color: #45ac34;\"><a style=\"color: #45ac34;\" href=\"https:\/\/memoria.escuelateresiana.com\/proyectos\">Objetivos anuales<\/a><\/span><\/h3>\n<h3><\/h3>\n<p>[\/vc_column_text][vc_separator type=\u00bbnormal\u00bb color=\u00bb#45ac34&#8243;][vc_row_inner row_type=\u00bbrow\u00bb type=\u00bbfull_width\u00bb text_align=\u00bbleft\u00bb css_animation=\u00bb\u00bb][vc_column_inner width=\u00bb1\/2&#8243;][vc_empty_space][vc_column_text]En continuidad con el curso anterior, <strong>nuestro objetivo<\/strong>\u00a0del a\u00f1o ha sido: \u201c<em>Como ciudadanos globales queremos participar en la transformaci\u00f3n de la realidad, experimentando, protagonizando y colaborando\u00a0 CON OTROS en la construcci\u00f3n de otro mundo posible y necesario.<\/em>[\/vc_column_text][vc_empty_space][vc_column_text]<\/p>\n<h4><strong>Nuestro lema:\u00a0<\/strong>UNA SUMA BRILLANTE<\/h4>\n<p>[\/vc_column_text][vc_empty_space]\n\n\t<a href=\"https:\/\/memoria.escuelateresiana.com\/2022-23\/proyectos\/\" target=\"_self\" style=\"color: #ffffff;background-color: #45ac34\" class=\"qode-btn qode-btn-medium qode-btn-solid qode-btn-custom-hover-bg qode-btn-custom-hover-color qode-btn-default-hover\" data-hover-bg-color=\"#ffffff\" data-hover-color=\"#45ac34\" >\n\t    <span class=\"qode-btn-text\">LEER M\u00c1S<\/span>\t<\/a>\n\n[\/vc_column_inner][vc_column_inner width=\u00bb1\/2&#8243;][vc_empty_space][vc_single_image image=\u00bb1751&#8243; img_size=\u00bbfull\u00bb qode_css_animation=\u00bb\u00bb][\/vc_column_inner][\/vc_row_inner][vc_empty_space][vc_column_text]<\/p>\n<h3><span style=\"color: #45ac34;\"><a style=\"color: #45ac34;\" href=\"https:\/\/memoria.escuelateresiana.com\/proyectos\">Proyectos<\/a><\/span><\/h3>\n<p>[\/vc_column_text][vc_separator type=\u00bbnormal\u00bb color=\u00bb#45ac34&#8243;][vc_empty_space][vc_row_inner row_type=\u00bbrow\u00bb type=\u00bbfull_width\u00bb text_align=\u00bbleft\u00bb css_animation=\u00bb\u00bb][vc_column_inner width=\u00bb1\/3&#8243;][vc_single_image image=\u00bb1821&#8243; img_size=\u00bbfull\u00bb alignment=\u00bbcenter\u00bb qode_css_animation=\u00bb\u00bb][vc_empty_space height=\u00bb20px\u00bb][vc_column_text]<\/p>\n<h4><a href=\"https:\/\/memoria.escuelateresiana.com\/2022-23\/equipo-de-educacion-afectivo-sexual\/\">Equipo de Educaci\u00f3n Afectivo-Sexual<\/a><\/h4>\n<p>&nbsp;<\/p>\n<p>En el curso 22-23 se cre\u00f3 el equipo encargado de dise\u00f1ar un programa de educaci\u00f3n afectivo-sexual para la Fundaci\u00f3n, a partir de la formaci\u00f3n recibida por Escuelas Cat\u00f3licas en colaboraci\u00f3n con la UNINPSI (Universidad Pontificia de Comillas). Se trata del curso \u201cFormadores en educaci\u00f3n afectivo- sexual\u201d en el que han participado algunos docentes de todos nuestros centros&#8230;[\/vc_column_text][vc_empty_space height=\u00bb20px\u00bb]\n\n\t<a href=\"https:\/\/memoria.escuelateresiana.com\/2022-23\/equipo-de-educacion-afectivo-sexual\/\" target=\"_self\" style=\"color: #ffffff;background-color: #45ac34\" class=\"qode-btn qode-btn-medium qode-btn-solid qode-btn-custom-hover-bg qode-btn-custom-hover-color qode-btn-custom-icon-bg-hover-color qode-btn-icon qode-btn-default-hover\" data-hover-bg-color=\"#ffffff\" data-hover-color=\"#45ac34\" >\n\t    <span class=\"qode-btn-text\">LEER M\u00c1S<\/span><span class=\"qode-button-v2-icon-holder\" style=\"background-color: #45ac34\" data-hover-icon-border-color=\"#45ac34\" data-hover-icon-bg-color=\"#ffffff\"><span aria-hidden=\"true\" class=\"qode_icon_font_elegant arrow_right qode-button-v2-icon-holder-inner\" ><\/span><\/span>\t<\/a>\n\n[vc_empty_space height=\u00bb20px\u00bb][\/vc_column_inner][vc_column_inner width=\u00bb1\/3&#8243;][vc_single_image image=\u00bb1643&#8243; img_size=\u00bbfull\u00bb alignment=\u00bbcenter\u00bb qode_css_animation=\u00bb\u00bb][vc_empty_space height=\u00bb20px\u00bb][vc_column_text]<\/p>\n<h4><a href=\"https:\/\/memoria.escuelateresiana.com\/2022-23\/algo-nuevo-esta-brotando-san-sebastian-un-proyecto-esperanzador\/\">\u201cAlgo nuevo est\u00e1 brotando\u2026\u201d San Sebasti\u00e1n, un proyecto esperanzador.<\/a><\/h4>\n<p>&nbsp;<\/p>\n<p>Nuestro colegio de San Sebasti\u00e1n, Santa Teresa Ikastexea, ha vivido con ilusi\u00f3n en este curso el comienzo de un nuevo camino que abre una puerta de esperanza al futuro: se trata de la uni\u00f3n con otros dos centros de la localidad pertenecientes a la Fundaci\u00f3n Jesuitina y a la Fundaci\u00f3n diocesana Elikel, para crear juntos un nuevo proyecto educativo&#8230;[\/vc_column_text][vc_empty_space height=\u00bb20px\u00bb]\n\n\t<a href=\"https:\/\/memoria.escuelateresiana.com\/2022-23\/san-sebastian-un-proyecto-esperanzador\/\" target=\"_self\" style=\"color: #ffffff;background-color: #45ac34\" class=\"qode-btn qode-btn-medium qode-btn-solid qode-btn-custom-hover-bg qode-btn-custom-hover-color qode-btn-custom-icon-bg-hover-color qode-btn-icon qode-btn-default-hover\" data-hover-bg-color=\"#ffffff\" data-hover-color=\"#45ac34\" >\n\t    <span class=\"qode-btn-text\">LEER M\u00c1S<\/span><span class=\"qode-button-v2-icon-holder\" style=\"background-color: #45ac34\" data-hover-icon-border-color=\"#45ac34\" data-hover-icon-bg-color=\"#ffffff\"><span aria-hidden=\"true\" class=\"qode_icon_font_elegant arrow_right qode-button-v2-icon-holder-inner\" ><\/span><\/span>\t<\/a>\n\n[vc_empty_space height=\u00bb20px\u00bb][\/vc_column_inner][vc_column_inner width=\u00bb1\/3&#8243;][vc_single_image image=\u00bb1669&#8243; img_size=\u00bbfull\u00bb alignment=\u00bbcenter\u00bb qode_css_animation=\u00bb\u00bb][vc_empty_space height=\u00bb20px\u00bb][vc_column_text]<\/p>\n<h4><a href=\"https:\/\/memoria.escuelateresiana.com\/2022-23\/planificacion-estrategica-discernida-2023-2027\/\">Planificaci\u00f3n Estrat\u00e9gica Discernida 2023-2027<\/a><\/h4>\n<p>&nbsp;<\/p>\n<p>Durante el curso 2022-2023 el equipo titular de la Fundaci\u00f3n Escuela Teresiana, junto con los equipos directivos y contando posteriormente con la participaci\u00f3n de las familias, personal docente y no docente, alumnado de los centros y Patronato, hemos dedicado nuestros encuentros a elaborar la Planificaci\u00f3n Estrat\u00e9gica\u2026[\/vc_column_text][vc_empty_space height=\u00bb20px\u00bb]\n\n\t<a href=\"https:\/\/memoria.escuelateresiana.com\/2022-23\/planificacion-estrategica-discernida-2023-2027\/\" target=\"_self\" style=\"color: #ffffff;background-color: #45ac34\" class=\"qode-btn qode-btn-medium qode-btn-solid qode-btn-custom-hover-bg qode-btn-custom-hover-color qode-btn-custom-icon-bg-hover-color qode-btn-icon qode-btn-default-hover\" data-hover-bg-color=\"#ffffff\" data-hover-color=\"#45ac34\" >\n\t    <span class=\"qode-btn-text\">LEER M\u00c1S<\/span><span class=\"qode-button-v2-icon-holder\" style=\"background-color: #45ac34\" data-hover-icon-border-color=\"#45ac34\" data-hover-icon-bg-color=\"#ffffff\"><span aria-hidden=\"true\" class=\"qode_icon_font_elegant arrow_right qode-button-v2-icon-holder-inner\" ><\/span><\/span>\t<\/a>\n\n[vc_empty_space height=\u00bb20px\u00bb][\/vc_column_inner][\/vc_row_inner][\/vc_column][\/vc_row][vc_row css_animation=\u00bb\u00bb row_type=\u00bbrow\u00bb use_row_as_full_screen_section=\u00bbno\u00bb type=\u00bbfull_width\u00bb angled_section=\u00bbno\u00bb text_align=\u00bbleft\u00bb background_image_as_pattern=\u00bbwithout_pattern\u00bb background_image=\u00bb590&#8243; css=\u00bb.vc_custom_1699976375238{background: #ffffff url(https:\/\/memoria.escuelateresiana.com\/2022-23\/wp-content\/uploads\/2023\/11\/fondook-1024&#215;409-1.jpeg?id=1745) !important;background-position: center !important;background-repeat: no-repeat !important;background-size: contain !important;}\u00bb z_index=\u00bb\u00bb padding_top=\u00bb80&#8243; padding_bottom=\u00bb60&#8243;][vc_column][vc_row_inner row_type=\u00bbrow\u00bb type=\u00bbgrid\u00bb text_align=\u00bbleft\u00bb css_animation=\u00bb\u00bb][vc_column_inner width=\u00bb1\/2&#8243;][vc_column_text]<\/p>\n<h2 style=\"text-align: left;\"><span style=\"color: #23406a;\">Hitos en los colegios<\/span><\/h2>\n<p>[\/vc_column_text][vc_empty_space height=\u00bb40px\u00bb][vc_single_image image=\u00bb1793&#8243; img_size=\u00bbfull\u00bb alignment=\u00bbcenter\u00bb onclick=\u00bbcustom_link\u00bb img_link_target=\u00bb_blank\u00bb qode_css_animation=\u00bb\u00bb link=\u00bbhttps:\/\/memoria.escuelateresiana.com\/2020-21\/\u00bb css=\u00bb.vc_custom_1700471894847{padding-bottom: 40px !important;}\u00bb][vc_column_text]<\/p>\n<p style=\"text-align: left;\"><span style=\"color: #000000;\">Cada curso escolar est\u00e1 marcado por la actividad diaria de las clases, actividades, reuniones&#8230; Pero la vida de los centros encierra muchos m\u00e1s aspectos, algunos de ellos relacionados con su historia, o con su relaci\u00f3n con el entorno, con las familias, o con experiencias que adquieren especial significado. <strong>Detr\u00e1s de todos esos acontecimientos hay mucha preparaci\u00f3n y trabajo que merece ser reconocido porque forman parte de la misi\u00f3n educativa&#8230;\u00a0<\/strong><\/span><\/p>\n<p>[\/vc_column_text][vc_empty_space]\n\n\t<a href=\"https:\/\/memoria.escuelateresiana.com\/2022-23\/hitos-colegios\/\" target=\"_self\" style=\"color: #ffffff;background-color: #45ac34\" class=\"qode-btn qode-btn-medium qode-btn-solid qode-btn-custom-hover-bg qode-btn-custom-hover-color qode-btn-default-hover\" data-hover-bg-color=\"#ffffff\" data-hover-color=\"#45ac34\" >\n\t    <span class=\"qode-btn-text\">LEER M\u00c1S<\/span>\t<\/a>\n\n[\/vc_column_inner][vc_column_inner width=\u00bb1\/2&#8243;][vc_column_text]<\/p>\n<h2 style=\"text-align: left;\"><span style=\"color: #23406a;\">Reconocimientos y premios<\/span><\/h2>\n<p>[\/vc_column_text][vc_empty_space height=\u00bb40px\u00bb][vc_single_image image=\u00bb1794&#8243; img_size=\u00bbfull\u00bb alignment=\u00bbcenter\u00bb onclick=\u00bbcustom_link\u00bb img_link_target=\u00bb_blank\u00bb qode_css_animation=\u00bb\u00bb link=\u00bbhttps:\/\/memoria.escuelateresiana.com\/2019-20\/\u00bb css=\u00bb.vc_custom_1700471910447{padding-bottom: 40px !important;}\u00bb][vc_column_text]<\/p>\n<p style=\"text-align: left;\"><span style=\"color: #000000;\">Ser una escuela abierta supone establecer alianzas con diferentes instituciones y organismos que posibilitan el mostrar y valorar muchos de los proyectos que se llevan a cabo en los colegios. <strong>Sin duda, el trabajo diario de profesores y alumnos, hacen posible los premios y reconocimientos recibidos tanto individual como colectivamente.<\/strong> Cada uno de ellos, contribuye a visibilizar la tarea educativa, y la preparaci\u00f3n competencial recibida&#8230;<\/span><\/p>\n<p>[\/vc_column_text][vc_empty_space]\n\n\t<a href=\"https:\/\/memoria.escuelateresiana.com\/2022-23\/reconocimientos-y-premios\/\" target=\"_self\" style=\"color: #ffffff;background-color: #45ac34\" class=\"qode-btn qode-btn-medium qode-btn-solid qode-btn-custom-hover-bg qode-btn-custom-hover-color qode-btn-default-hover\" data-hover-bg-color=\"#ffffff\" data-hover-color=\"#45ac34\" >\n\t    <span class=\"qode-btn-text\">LEER M\u00c1S<\/span>\t<\/a>\n\n[\/vc_column_inner][\/vc_row_inner][\/vc_column][\/vc_row][vc_row css_animation=\u00bb\u00bb row_type=\u00bbrow\u00bb use_row_as_full_screen_section=\u00bbno\u00bb type=\u00bbfull_width\u00bb angled_section=\u00bbno\u00bb text_align=\u00bbleft\u00bb background_image_as_pattern=\u00bbwithout_pattern\u00bb css=\u00bb.vc_custom_1699976602993{background-image: url(https:\/\/memoria.escuelateresiana.com\/2022-23\/wp-content\/uploads\/2023\/11\/slide.jpg?id=1760) !important;background-position: center !important;background-repeat: no-repeat !important;background-size: cover !important;}\u00bb z_index=\u00bb\u00bb padding_top=\u00bb200&#8243; padding_bottom=\u00bb200&#8243;][vc_column][\/vc_column][\/vc_row][vc_row css_animation=\u00bb\u00bb row_type=\u00bbrow\u00bb use_row_as_full_screen_section=\u00bbno\u00bb type=\u00bbgrid\u00bb angled_section=\u00bbno\u00bb text_align=\u00bbcenter\u00bb background_image_as_pattern=\u00bbwithout_pattern\u00bb css=\u00bb.vc_custom_1654157830566{background-color: #23406a !important;}\u00bb z_index=\u00bb\u00bb padding_top=\u00bb80&#8243; padding_bottom=\u00bb80&#8243;][vc_column][vc_column_text]<\/p>\n<h2 style=\"text-align: center;\"><span style=\"color: #ffffff;\">\u00a1Puebla, siempre en nuestro coraz\u00f3n!<\/span><\/h2>\n<p>[\/vc_column_text][vc_empty_space height=\u00bb50px\u00bb][vc_row_inner row_type=\u00bbrow\u00bb type=\u00bbfull_width\u00bb text_align=\u00bbleft\u00bb css_animation=\u00bb\u00bb][vc_column_inner][vc_column_text]<span style=\"color: #ffffff;\">Con much\u00edsimo dolor para todos los que formamos la Familia Teresiana, al t\u00e9rmino de este curso 2022-2023 cerr\u00f3 sus puertas el colegio Pur\u00edsima Concepci\u00f3n de Madrid, conocido por todos como <em>Puebla<\/em>, por decisi\u00f3n de su entidad titular la Hermandad del Refugio y Piedad de Madrid.<\/span><\/p>\n<p>&nbsp;<\/p>\n<p><span style=\"color: #ffffff;\">El colegio se fund\u00f3 el 30 de noviembre de 1651 en la calle Rubio (hoy Marqu\u00e9s de Santa Ana) fruto de la Misi\u00f3n de la Hermandad del Refugio de recoger a ni\u00f1as hu\u00e9rfanas y ofrecerles una educaci\u00f3n. En ese momento contaba con una maestra como \u00fanica empleada. Con el paso de los a\u00f1os el colegio fue creciendo y cambiando repetidamente de sede con el fin de ofrecer m\u00e1s espacio al cada vez mayor n\u00famero de ni\u00f1as internas que acog\u00eda.<\/span><\/p>\n<p>&nbsp;<\/p>\n<p><span style=\"color: #ffffff;\">En 1702, el rey Felipe V concede a la Hermandad del Refugio el hospital y la Iglesia de San Antonio de los Alemanes. El espacio s\u00f3lo comprend\u00eda la Iglesia, el hospital y una casa, lugar escogido para el alojamiento del colegio, que sigui\u00f3 creciendo en demanda y pasando por las diferentes \u00e9pocas de bonanzas y dificultades propias de la historia de Espa\u00f1a en estos a\u00f1os.<\/span><\/p>\n<p>&nbsp;<\/p>\n<p><span style=\"color: #ffffff;\">En 1885, dado el mal estado de los edificios, la Hermandad decidi\u00f3 derribar toda la manzana, excepto la Iglesia, para construir uno nuevo, pues nunca quiso que las ni\u00f1as viesen interrumpida su formaci\u00f3n. Con la creaci\u00f3n del nuevo edificio en la calle Puebla y el inter\u00e9s de la Hermandad por continuar la labor educativa con los m\u00e1s desfavorecidos, en 1889 firm\u00f3 un acuerdo con Enrique de Oss\u00f3 por el que se otorga la direcci\u00f3n pedag\u00f3gica y pastoral del colegio a la Compa\u00f1\u00eda de Santa Teresa de Jes\u00fas.<\/span><\/p>\n<p>&nbsp;<\/p>\n<p><span style=\"color: #ffffff;\">Desde ese momento y en los comienzos del s. XX, las hermanas teresianas desarrollaron una excelente labor educativa con el alumnado del centro y, de manera especial, con los m\u00e1s desfavorecidos. En la guerra civil el colegio fue ocupado y devastado pero, al t\u00e9rmino de la misma, continu\u00f3 con su misi\u00f3n educadora gracias al gran trabajo de restauraci\u00f3n y acondicionamiento que realizaron las hermanas teresianas.<\/span><\/p>\n<p>&nbsp;<\/p>\n<p><span style=\"color: #ffffff;\">Desde entonces, el colegio no dej\u00f3 de crecer y dar lo mejor de la educaci\u00f3n teresiana a su alumnado. Adem\u00e1s de las hermanas, se fueron incorporando otras profesoras que contribuyeron a hacer vivo el Carisma Teresiano de Enrique de Oss\u00f3 hasta alcanzar el merecido prestigio educativo y social con el que cuenta en la actualidad y del que nos hace sentir orgullosos.\u00a0 En el a\u00f1o 2010 la Compa\u00f1\u00eda cre\u00f3 la Fundaci\u00f3n Escuela Teresiana, que asumi\u00f3 la titularidad de todos los colegios teresianos en Espa\u00f1a. En este momento se firm\u00f3 un nuevo convenio por el que la Fundaci\u00f3n asum\u00eda la direcci\u00f3n pedag\u00f3gica y pastoral, en uni\u00f3n con los dem\u00e1s colegios teresianos de Espa\u00f1a.<\/span><\/p>\n<p>&nbsp;<\/p>\n<p><span style=\"color: #ffffff;\">Para todos nosotros, el colegio de Puebla y su equipo de educadores siempre han sido un referente de aut\u00e9ntica vocaci\u00f3n educadora y teresiana.<\/span><\/p>\n<p>&nbsp;<\/p>\n<p><span style=\"color: #ffffff;\">Al comienzo de este curso 2022-2023, la Hermandad del Refugio, argumentando dificultades en el estado del edificio, decidi\u00f3 de forma unilateral finalizar el convenio de colaboraci\u00f3n con la Compa\u00f1\u00eda y la Fundaci\u00f3n y cerrar el colegio, sin que pudi\u00e9ramos tener oportunidad de buscar otras soluciones para continuar desarrollando la educaci\u00f3n teresiana en favor del alumnado m\u00e1s necesitado.<\/span><\/p>\n<p>&nbsp;<\/p>\n<p><span style=\"color: #ffffff;\">Para la Familia Teresiana esta noticia fue desgarradora ya que supone la finalizaci\u00f3n de un proyecto que es el aut\u00e9ntico fin de nuestra identidad. Deseamos lo mejor a todas los alumnos, familias, hermanas y personal del centro que en este momento se han visto privados de un proyecto que daba sentido a sus vidas.<\/span><\/p>\n<p>&nbsp;<\/p>\n<p><span style=\"color: #ffffff;\">Y por encima de todo, agradecemos la vida que tantas personas, hermanas y laicos, han dejado en este colegio a lo largo de sus a\u00f1os de historia hasta llegar a ser el referente que era en la actualidad.\u00a0 Siempre os recordaremos con admiraci\u00f3n y orgullo.<\/span><\/p>\n<p>&nbsp;<\/p>\n<p><span style=\"color: #ffffff;\">\u00a1Puebla, siempre en nuestro coraz\u00f3n!<\/span>[\/vc_column_text][\/vc_column_inner][\/vc_row_inner][vc_empty_space][\/vc_column][\/vc_row][vc_row css_animation=\u00bb\u00bb row_type=\u00bbrow\u00bb use_row_as_full_screen_section=\u00bbno\u00bb type=\u00bbgrid\u00bb angled_section=\u00bbno\u00bb text_align=\u00bbcenter\u00bb background_image_as_pattern=\u00bbwithout_pattern\u00bb padding_top=\u00bb80&#8243; padding_bottom=\u00bb80&#8243; z_index=\u00bb\u00bb css=\u00bb.vc_custom_1699270519662{margin-top: -1% !important;margin-bottom: -1% !important;background-color: #ffffff !important;background-position: center !important;background-repeat: no-repeat !important;background-size: cover !important;}\u00bb][vc_column][vc_column_text]<\/p>\n<h2><span style=\"color: #23406a;\">El ejercicio en clave econ\u00f3mica<\/span><\/h2>\n<p>[\/vc_column_text][qode_elements_holder number_of_columns=\u00bbone_column\u00bb][qode_elements_holder_item advanced_animations=\u00bbno\u00bb item_padding=\u00bb18px 18% 0 18%\u00bb][vc_column_text]<\/p>\n<h5>La Fundaci\u00f3n Escuela Teresiana, con el fin de poder llevar a cabo el fin para que el que fue creada, pone especial \u00e9nfasis en cuidar y gestionar todos sus bienes. Administramos y gestionamos con el fin de responder al fin para el que ha sido creada y buscar la mejora continua de sus centros y comunidades educativas.<\/h5>\n<p>[\/vc_column_text][\/qode_elements_holder_item][\/qode_elements_holder][vc_empty_space height=\u00bb59px\u00bb][vc_row_inner row_type=\u00bbrow\u00bb type=\u00bbfull_width\u00bb text_align=\u00bbleft\u00bb css_animation=\u00bb\u00bb][vc_column_inner width=\u00bb1\/3&#8243;][vc_column_text]<\/p>\n<h4 style=\"text-align: center; color: #23406a;\">Excedentes vs. inversi\u00f3n<\/h4>\n<p>[\/vc_column_text][vc_single_image image=\u00bb1830&#8243; img_size=\u00bbfull\u00bb alignment=\u00bbcenter\u00bb qode_css_animation=\u00bb\u00bb css=\u00bb.vc_custom_1702394548393{padding-top: 20px !important;}\u00bb][\/vc_column_inner][vc_column_inner width=\u00bb1\/3&#8243;][vc_column_text]<\/p>\n<h4 style=\"text-align: center; color: #23406a;\">Valor econ\u00f3mico creado<\/h4>\n<p>[\/vc_column_text][vc_single_image image=\u00bb1833&#8243; img_size=\u00bbfull\u00bb alignment=\u00bbcenter\u00bb qode_css_animation=\u00bb\u00bb css=\u00bb.vc_custom_1702447972021{padding-top: 20px !important;}\u00bb][\/vc_column_inner][vc_column_inner width=\u00bb1\/3&#8243;][vc_column_text]<\/p>\n<h4 style=\"text-align: center; color: #23406a;\">Valor econ\u00f3mico distribuido<\/h4>\n<p>[\/vc_column_text][vc_single_image image=\u00bb1834&#8243; img_size=\u00bbfull\u00bb alignment=\u00bbcenter\u00bb qode_css_animation=\u00bb\u00bb css=\u00bb.vc_custom_1702447987430{padding-top: 20px !important;}\u00bb][\/vc_column_inner][\/vc_row_inner][\/vc_column][\/vc_row]<\/p>\n","protected":false},"excerpt":{"rendered":"<p>[vc_row css_animation=\u00bb\u00bb row_type=\u00bbrow\u00bb use_row_as_full_screen_section=\u00bbno\u00bb type=\u00bbfull_width\u00bb angled_section=\u00bbno\u00bb text_align=\u00bbleft\u00bb background_image_as_pattern=\u00bbwithout_pattern\u00bb z_index=\u00bb5&#8243;][vc_column css=\u00bb.vc_custom_1525095376667{margin-bottom: -3% !important;}\u00bb][rev_slider_vc alias=\u00bbslider-2&#8243;][\/vc_column][\/vc_row][vc_row css_animation=\u00bb\u00bb row_type=\u00bbrow\u00bb use_row_as_full_screen_section=\u00bbno\u00bb type=\u00bbgrid\u00bb angled_section=\u00bbno\u00bb text_align=\u00bbcenter\u00bb background_image_as_pattern=\u00bbwithout_pattern\u00bb padding_top=\u00bb82&#8243; padding_bottom=\u00bb40&#8243; z_index=\u00bb5&#8243; css=\u00bb.vc_custom_1699973713987{background: #ffffff url(https:\/\/memoria.escuelateresiana.com\/2022-23\/wp-content\/uploads\/2023\/11\/fondook-1024&#215;409-1.jpeg?id=1745) !important;background-position: center !important;background-repeat: no-repeat !important;background-size: contain !important;}\u00bb][vc_column css=\u00bb.vc_custom_1525961830607{margin-top: -1% !important;}\u00bb][vc_empty_space height=\u00bb15px\u00bb][vc_column_text] Las grandes cifras de la FET [\/vc_column_text][vc_empty_space height=\u00bb24px\u00bb][vc_row_inner&#8230;<\/p>\n","protected":false},"author":1,"featured_media":0,"parent":0,"menu_order":0,"comment_status":"closed","ping_status":"closed","template":"full_width.php","meta":{"footnotes":""},"class_list":["post-6","page","type-page","status-publish","hentry"],"_links":{"self":[{"href":"https:\/\/memoria.escuelateresiana.com\/2022-23\/wp-json\/wp\/v2\/pages\/6","targetHints":{"allow":["GET"]}}],"collection":[{"href":"https:\/\/memoria.escuelateresiana.com\/2022-23\/wp-json\/wp\/v2\/pages"}],"about":[{"href":"https:\/\/memoria.escuelateresiana.com\/2022-23\/wp-json\/wp\/v2\/types\/page"}],"author":[{"embeddable":true,"href":"https:\/\/memoria.escuelateresiana.com\/2022-23\/wp-json\/wp\/v2\/users\/1"}],"replies":[{"embeddable":true,"href":"https:\/\/memoria.escuelateresiana.com\/2022-23\/wp-json\/wp\/v2\/comments?post=6"}],"version-history":[{"count":145,"href":"https:\/\/memoria.escuelateresiana.com\/2022-23\/wp-json\/wp\/v2\/pages\/6\/revisions"}],"predecessor-version":[{"id":1841,"href":"https:\/\/memoria.escuelateresiana.com\/2022-23\/wp-json\/wp\/v2\/pages\/6\/revisions\/1841"}],"wp:attachment":[{"href":"https:\/\/memoria.escuelateresiana.com\/2022-23\/wp-json\/wp\/v2\/media?parent=6"}],"curies":[{"name":"wp","href":"https:\/\/api.w.org\/{rel}","templated":true}]}}