{"id":1591,"date":"2023-10-19T07:06:58","date_gmt":"2023-10-19T07:06:58","guid":{"rendered":"https:\/\/escuelateresiana.com\/colegios\/memoria\/?page_id=1591"},"modified":"2023-12-04T10:28:08","modified_gmt":"2023-12-04T10:28:08","slug":"proyectos","status":"publish","type":"page","link":"https:\/\/memoria.escuelateresiana.com\/2022-23\/proyectos\/","title":{"rendered":"Proyectos"},"content":{"rendered":"<p>[vc_row css_animation=\u00bb\u00bb row_type=\u00bbrow\u00bb use_row_as_full_screen_section=\u00bbno\u00bb type=\u00bbfull_width\u00bb angled_section=\u00bbno\u00bb text_align=\u00bbleft\u00bb background_image_as_pattern=\u00bbwithout_pattern\u00bb][vc_column][vc_empty_space height=\u00bb60&#8243;][\/vc_column][\/vc_row][vc_row css_animation=\u00bb\u00bb row_type=\u00bbrow\u00bb use_row_as_full_screen_section=\u00bbno\u00bb type=\u00bbgrid\u00bb angled_section=\u00bbno\u00bb text_align=\u00bbleft\u00bb background_image_as_pattern=\u00bbwithout_pattern\u00bb z_index=\u00bb\u00bb][vc_column][vc_column_text]<\/p>\n<h2><span style=\"color: #23406a;\">OBJETIVO DEL CURSO 2022-2023<\/span><\/h2>\n<p>[\/vc_column_text][vc_empty_space]<div class=\"qode-simple-quote-holder \">\n\t<div class=\"qode-simple-quote-triangle-shadow\">\n\t\t\n\t<\/div>\n\t<div class=\"qode-simple-quote-triangle\" >\n\t\t\n\t<\/div>\n\t<div class=\"qode-simple-quote-holder-inner\" >\n\t\t<div class=\"qode-simple-quote-icon-holder\"  style=\"fill: #45ac34\">\n\t\t\t<svg x=\"0px\" y=\"0px\" width=\"118px\" height=\"97px\" viewBox=\"0 0 118 97\" enable-background=\"new 0 0 118 97\" xml:space=\"preserve\">\n\t\t\t\t<g>\n\t\t\t\t\t<path d=\"M31.1,73.998c5.688-7.111,8.535-14.316,8.535-21.617c0-3.09-0.371-5.751-1.113-7.978c-4.332,3.34-9.031,5.009-14.102,5.009\n\t\t\t\t\t\tc-6.929,0-12.71-2.194-17.349-6.586c-4.639-4.389-6.958-10.298-6.958-17.72c0-6.926,2.348-12.71,7.051-17.349\n\t\t\t\t\t\tc4.7-4.639,10.452-6.958,17.256-6.958c9.77,0,17.256,4.021,22.451,12.061c4.329,6.68,6.494,15.029,6.494,25.049\n\t\t\t\t\t\tc0,12.742-3.247,24.154-9.741,34.234C37.13,82.227,27.325,90.357,14.215,96.541l-3.525-6.865\n\t\t\t\t\t\tC18.604,86.336,25.409,81.113,31.1,73.998z M95.67,73.998c5.688-7.111,8.535-14.316,8.535-21.617c0-3.09-0.371-5.751-1.113-7.978\n\t\t\t\t\t\tc-4.206,3.34-8.906,5.009-14.102,5.009c-6.804,0-12.556-2.194-17.256-6.586c-4.702-4.389-7.051-10.298-7.051-17.72\n\t\t\t\t\t\tc0-4.575,1.113-8.721,3.34-12.432s5.195-6.616,8.906-8.721c3.711-2.102,7.729-3.154,12.061-3.154\n\t\t\t\t\t\tc9.771,0,17.256,4.021,22.451,12.061c4.329,6.68,6.494,15.029,6.494,25.049c0,12.742-3.247,24.154-9.741,34.234\n\t\t\t\t\t\tC101.7,82.227,91.896,90.357,78.785,96.541l-3.525-6.865C83.175,86.336,89.979,81.113,95.67,73.998z\"\/>\n\t\t\t\t<\/g>\n\t\t\t<\/svg>\n\t\t<\/div>\n\t\t<div class=\"qode-simple-quote-content-holder\">\n\t\t\t<div class=\"qode-simple-quote-content-holder-inner\">\n\t\t\t\t<div class=\"qode-simple-quote-text-holder\" >\n\t\t\t\t\t<h5 class=\"qode-simple-quote-text-title\"> Yo te llenar\u00e9 de bendiciones y har\u00e9 crecer much\u00edsimo tu descendencia, como las estrellas del cielo y como las arenas de la playa, (...) Por tu descendencia se bendecir\u00e1n todas las naciones de la tierra porque me has escuchado.  <\/h5>\n\t\t\t\t<\/div>\n\t\t\t\t<div class=\"qode-simple-quote-author-holder\">\n\t\t\t\t\t<p class=\"qode-simple-quote-author-title\"> (Gn 22, 17-18)  <\/p>\n\t\t\t\t<\/div>\n\t\t\t<\/div>\n\t\t<\/div>\n\t<\/div>\n<\/div>[vc_empty_space][vc_row_inner row_type=\u00bbrow\u00bb type=\u00bbfull_width\u00bb text_align=\u00bbleft\u00bb css_animation=\u00bb\u00bb][vc_column_inner width=\u00bb1\/3&#8243;][vc_single_image image=\u00bb1602&#8243; img_size=\u00bbfull\u00bb qode_css_animation=\u00bb\u00bb][\/vc_column_inner][vc_column_inner width=\u00bb1\/3&#8243;][vc_single_image image=\u00bb1603&#8243; img_size=\u00bbfull\u00bb qode_css_animation=\u00bb\u00bb][\/vc_column_inner][vc_column_inner width=\u00bb1\/3&#8243;][vc_single_image image=\u00bb1604&#8243; img_size=\u00bbfull\u00bb qode_css_animation=\u00bb\u00bb][\/vc_column_inner][\/vc_row_inner][vc_empty_space][vc_row_inner row_type=\u00bbrow\u00bb type=\u00bbfull_width\u00bb text_align=\u00bbleft\u00bb css_animation=\u00bb\u00bb][vc_column_inner][vc_column_text]En continuidad con el curso anterior, <strong>nuestro objetivo<\/strong> del a\u00f1o ha sido: \u201c<em>Como ciudadanos globales queremos participar en la transformaci\u00f3n de la realidad, experimentando, protagonizando y colaborando\u00a0 CON OTROS en la construcci\u00f3n de otro mundo posible y necesario.<\/em><\/p>\n<p>&nbsp;<\/p>\n<p><strong>Nuestro lema: <\/strong>UNA SUMA BRILLANTE<\/p>\n<p><em>\u00a0<\/em><\/p>\n<p>La <strong>escuela relacional<\/strong> que proponemos est\u00e1 basada en el valor del <strong>ENCUENTRO<\/strong>: encuentro de alumnos-alumnos, alumnos-profesores, profesores-familias, centros-centros, centros-sociedad, etc\u2026 Nuestro Car\u00e1cter Propio nos invita al cuidado de la persona como centro de la acci\u00f3n educativa, y nos concibe como \u201cSUJETOS DE ENCUENTRO\u201d y \u201cTRANSFORMADORES SOCIALES\u201d.<\/p>\n<p>&nbsp;<\/p>\n<p>Este curso en el que hemos recuperado \u201cla normalidad\u201d post-pandemia de encuentros con alumnado, formaciones, viajes, encuentros de profesorado, equipos directivos\u2026 nos ha mostrado con contundencia nuestra radical interdependencia y la urgencia, como nos inspira la M\u00edstica de la Educaci\u00f3n Teresiana, a despertar y poner lo que somos (miramos, escuchamos, o\u00edmos, saboreamos, tocamos\u2026) al servicio de la Vida.<\/p>\n<p>&nbsp;<\/p>\n<p>Como hilo conductor, en todos los tiempos fuertes de este curso, trabajamos \u201cel diario del cuidado\u201d. El cuidarnos unos a otros es la base de nuestra escuela relacional y del paso consciente de un concepto as\u00e9ptico como es el de \u201cciudadan\u00eda\u201d a otro mucho m\u00e1s rico e integral como podr\u00eda ser el de \u201ccuidadan\u00eda\u201d y que hemos querido interiorizar con nuestro alumnado y el resto de las comunidades educativas.<\/p>\n<p>&nbsp;<\/p>\n<p>El trabajo desarrollado en los colegios a lo largo del curso a trav\u00e9s de los diferentes materiales, planes, Cuartos de Hora, celebraciones\u2026 que se han llevado a cabo, ha tenido como finalidad desarrollar en nuestro alumnado distintas competencias relacionales: pedir, ofrecer, reconocer, acordar y escuchar.<\/p>\n<p>&nbsp;<\/p>\n<p>A trav\u00e9s del lema, \u201cUna suma brillante\u201d y recordando el ENCUENTRO entre Dios y Abrah\u00e1m, hemos recordado tambi\u00e9n que esa historia es nuestra historia, la de cada uno hoy, y por eso nos hemos sentido llamados a vivir la misma experiencia de bendici\u00f3n. Tal y como se aprecia en el logo que nos ha acompa\u00f1ado a lo largo del curso, no somos astros aislados sino constelaciones; un todo unido interdependiente, que va tejiendo una historia com\u00fan CON OTROS.<\/p>\n<p>&nbsp;<\/p>\n<p>Este curso nos hemos sentido invitados a \u201c<strong>SALIR<\/strong> de nuestra tierra\u201d, de nuestra zona de control de forma efectiva, real; ver a los dem\u00e1s de un modo nuevo, a los de cerca y a los de lejos. Hemos vivido este curso sabiendo que cualquier encuentro supone asumir el riesgo de salir de lo que \u201ccontrolamos\u201d y cambiar nuestro punto de vista.<\/p>\n<p>&nbsp;<\/p>\n<p><strong>Como escuela RED-LACIONAL\/REL-ACCIONAL<\/strong>, somos protagonistas con <strong>OTROS<\/strong> y parte conjunta de una <strong>AUT\u00c9NTICA RED DE CUIDADOS.<\/strong>[\/vc_column_text][\/vc_column_inner][\/vc_row_inner][\/vc_column][\/vc_row][vc_row css_animation=\u00bb\u00bb row_type=\u00bbrow\u00bb use_row_as_full_screen_section=\u00bbno\u00bb type=\u00bbfull_width\u00bb angled_section=\u00bbno\u00bb text_align=\u00bbleft\u00bb background_image_as_pattern=\u00bbwithout_pattern\u00bb][vc_column][vc_empty_space height=\u00bb60&#8243;][\/vc_column][\/vc_row][vc_row css_animation=\u00bb\u00bb row_type=\u00bbrow\u00bb use_row_as_full_screen_section=\u00bbno\u00bb type=\u00bbfull_width\u00bb angled_section=\u00bbno\u00bb text_align=\u00bbleft\u00bb background_image_as_pattern=\u00bbwithout_pattern\u00bb css=\u00bb.vc_custom_1700037207056{background: #ffffff url(https:\/\/memoria.escuelateresiana.com\/2022-23\/wp-content\/uploads\/2023\/11\/fondook-1024&#215;409-1.jpeg?id=1745) !important;background-position: center !important;background-repeat: no-repeat !important;background-size: contain !important;}\u00bb z_index=\u00bb\u00bb][vc_column][vc_empty_space height=\u00bb60&#8243;][vc_row_inner row_type=\u00bbrow\u00bb type=\u00bbgrid\u00bb text_align=\u00bbleft\u00bb css_animation=\u00bb\u00bb][vc_column_inner][vc_column_text]<\/p>\n<h2><span style=\"color: #23406a;\">LOS PROYECTOS<\/span><\/h2>\n<p>[\/vc_column_text][vc_empty_space height=\u00bb30&#8243;][\/vc_column_inner][\/vc_row_inner][vc_row_inner row_type=\u00bbrow\u00bb type=\u00bbgrid\u00bb text_align=\u00bbleft\u00bb css_animation=\u00bb\u00bb][vc_column_inner width=\u00bb1\/3&#8243;][vc_single_image image=\u00bb1821&#8243; img_size=\u00bbfull\u00bb qode_css_animation=\u00bb\u00bb][vc_empty_space][vc_column_text]<\/p>\n<h5><strong>Equipo de Educaci\u00f3n Afectivo-Sexual<\/strong><\/h5>\n<p>&nbsp;<\/p>\n<p>En el curso 22-23 se cre\u00f3 el equipo encargado de dise\u00f1ar un programa de educaci\u00f3n afectivo-sexual para la Fundaci\u00f3n, a partir de la formaci\u00f3n recibida por Escuelas Cat\u00f3licas en colaboraci\u00f3n con la UNINPSI (Universidad Pontificia de Comillas). Se trata del curso \u201cFormadores en educaci\u00f3n afectivo- sexual\u201d en el que han participado algunos docentes de todos nuestros centros.[\/vc_column_text][vc_empty_space height=\u00bb20px\u00bb]\n\n\t<a href=\"https:\/\/memoria.escuelateresiana.com\/2022-23\/equipo-de-educacion-afectivo-sexual\/\" target=\"_self\" style=\"color: #ffffff;background-color: #45ac34\" class=\"qode-btn qode-btn-medium qode-btn-solid qode-btn-custom-hover-bg qode-btn-custom-hover-color qode-btn-custom-icon-bg-hover-color qode-btn-icon qode-btn-default-hover\" data-hover-bg-color=\"#ffffff\" data-hover-color=\"#45ac34\" >\n\t    <span class=\"qode-btn-text\">LEER M\u00c1S<\/span><span class=\"qode-button-v2-icon-holder\" style=\"background-color: #45ac34\" data-hover-icon-border-color=\"#45ac34\" data-hover-icon-bg-color=\"#ffffff\"><span aria-hidden=\"true\" class=\"qode_icon_font_elegant arrow_right qode-button-v2-icon-holder-inner\" ><\/span><\/span>\t<\/a>\n\n[vc_empty_space height=\u00bb20px\u00bb][\/vc_column_inner][vc_column_inner width=\u00bb1\/3&#8243;][vc_single_image image=\u00bb1643&#8243; img_size=\u00bbfull\u00bb qode_css_animation=\u00bb\u00bb][vc_empty_space][vc_column_text]<\/p>\n<h5><strong>\u201cAlgo nuevo est\u00e1 brotando\u2026\u201d San Sebasti\u00e1n, un proyecto esperanzador.<\/strong><\/h5>\n<p>&nbsp;<\/p>\n<p>Nuestro colegio de San Sebasti\u00e1n, Santa Teresa Ikastexea, ha vivido con ilusi\u00f3n en este curso el comienzo de un nuevo camino que abre una puerta de esperanza al futuro: se trata de la uni\u00f3n con otros dos centros de la localidad pertenecientes a la Fundaci\u00f3n Jesuitina y a la Fundaci\u00f3n diocesana Elikel, para crear juntos un nuevo proyecto educativo.[\/vc_column_text][vc_empty_space height=\u00bb20px\u00bb]\n\n\t<a href=\"https:\/\/memoria.escuelateresiana.com\/proyectos\/plan-de-interioridad\" target=\"_self\" style=\"color: #ffffff;background-color: #45ac34\" class=\"qode-btn qode-btn-medium qode-btn-solid qode-btn-custom-hover-bg qode-btn-custom-hover-color qode-btn-custom-icon-bg-hover-color qode-btn-icon qode-btn-default-hover\" data-hover-bg-color=\"#ffffff\" data-hover-color=\"#45ac34\" >\n\t    <span class=\"qode-btn-text\">LEER M\u00c1S<\/span><span class=\"qode-button-v2-icon-holder\" style=\"background-color: #45ac34\" data-hover-icon-border-color=\"#45ac34\" data-hover-icon-bg-color=\"#ffffff\"><span aria-hidden=\"true\" class=\"qode_icon_font_elegant arrow_right qode-button-v2-icon-holder-inner\" ><\/span><\/span>\t<\/a>\n\n[vc_empty_space height=\u00bb20px\u00bb][\/vc_column_inner][vc_column_inner width=\u00bb1\/3&#8243;][vc_single_image image=\u00bb1669&#8243; img_size=\u00bbfull\u00bb qode_css_animation=\u00bb\u00bb][vc_empty_space][vc_column_text]<\/p>\n<h5><strong>Planificaci\u00f3n Estrat\u00e9gica Discernida 2023-2027<\/strong><\/h5>\n<p>&nbsp;<\/p>\n<p>Durante el curso 2022-2023 el equipo titular de la Fundaci\u00f3n Escuela Teresiana, junto con los equipos directivos y contando posteriormente con la participaci\u00f3n de las familias, personal docente y no docente, alumnado de los centros y Patronato, hemos dedicado nuestros encuentros a elaborar la Planificaci\u00f3n Estrat\u00e9gica&#8230;[\/vc_column_text][vc_empty_space height=\u00bb20px\u00bb]\n\n\t<a href=\"https:\/\/memoria.escuelateresiana.com\/2022-23\/planificacion-estrategica-discernida-2023-2027\/\" target=\"_self\" style=\"color: #ffffff;background-color: #45ac34\" class=\"qode-btn qode-btn-medium qode-btn-solid qode-btn-custom-hover-bg qode-btn-custom-hover-color qode-btn-custom-icon-bg-hover-color qode-btn-icon qode-btn-default-hover\" data-hover-bg-color=\"#ffffff\" data-hover-color=\"#45ac34\" >\n\t    <span class=\"qode-btn-text\">LEER M\u00c1S<\/span><span class=\"qode-button-v2-icon-holder\" style=\"background-color: #45ac34\" data-hover-icon-border-color=\"#45ac34\" data-hover-icon-bg-color=\"#ffffff\"><span aria-hidden=\"true\" class=\"qode_icon_font_elegant arrow_right qode-button-v2-icon-holder-inner\" ><\/span><\/span>\t<\/a>\n\n[vc_empty_space height=\u00bb20px\u00bb][\/vc_column_inner][\/vc_row_inner][vc_empty_space height=\u00bb60&#8243;][\/vc_column][\/vc_row]<\/p>\n","protected":false},"excerpt":{"rendered":"<p>[vc_row css_animation=\u00bb\u00bb row_type=\u00bbrow\u00bb use_row_as_full_screen_section=\u00bbno\u00bb type=\u00bbfull_width\u00bb angled_section=\u00bbno\u00bb text_align=\u00bbleft\u00bb background_image_as_pattern=\u00bbwithout_pattern\u00bb][vc_column][vc_empty_space height=\u00bb60&#8243;][\/vc_column][\/vc_row][vc_row css_animation=\u00bb\u00bb row_type=\u00bbrow\u00bb use_row_as_full_screen_section=\u00bbno\u00bb type=\u00bbgrid\u00bb angled_section=\u00bbno\u00bb text_align=\u00bbleft\u00bb background_image_as_pattern=\u00bbwithout_pattern\u00bb z_index=\u00bb\u00bb][vc_column][vc_column_text] OBJETIVO DEL CURSO 2022-2023 [\/vc_column_text][vc_empty_space][vc_empty_space][vc_row_inner row_type=\u00bbrow\u00bb type=\u00bbfull_width\u00bb text_align=\u00bbleft\u00bb css_animation=\u00bb\u00bb][vc_column_inner width=\u00bb1\/3&#8243;][vc_single_image image=\u00bb1602&#8243; img_size=\u00bbfull\u00bb qode_css_animation=\u00bb\u00bb][\/vc_column_inner][vc_column_inner width=\u00bb1\/3&#8243;][vc_single_image image=\u00bb1603&#8243; img_size=\u00bbfull\u00bb qode_css_animation=\u00bb\u00bb][\/vc_column_inner][vc_column_inner width=\u00bb1\/3&#8243;][vc_single_image image=\u00bb1604&#8243; img_size=\u00bbfull\u00bb qode_css_animation=\u00bb\u00bb][\/vc_column_inner][\/vc_row_inner][vc_empty_space][vc_row_inner row_type=\u00bbrow\u00bb type=\u00bbfull_width\u00bb text_align=\u00bbleft\u00bb css_animation=\u00bb\u00bb][vc_column_inner][vc_column_text]En continuidad con el&#8230;<\/p>\n","protected":false},"author":1,"featured_media":0,"parent":0,"menu_order":0,"comment_status":"closed","ping_status":"closed","template":"full_width.php","meta":{"footnotes":""},"class_list":["post-1591","page","type-page","status-publish","hentry"],"_links":{"self":[{"href":"https:\/\/memoria.escuelateresiana.com\/2022-23\/wp-json\/wp\/v2\/pages\/1591","targetHints":{"allow":["GET"]}}],"collection":[{"href":"https:\/\/memoria.escuelateresiana.com\/2022-23\/wp-json\/wp\/v2\/pages"}],"about":[{"href":"https:\/\/memoria.escuelateresiana.com\/2022-23\/wp-json\/wp\/v2\/types\/page"}],"author":[{"embeddable":true,"href":"https:\/\/memoria.escuelateresiana.com\/2022-23\/wp-json\/wp\/v2\/users\/1"}],"replies":[{"embeddable":true,"href":"https:\/\/memoria.escuelateresiana.com\/2022-23\/wp-json\/wp\/v2\/comments?post=1591"}],"version-history":[{"count":29,"href":"https:\/\/memoria.escuelateresiana.com\/2022-23\/wp-json\/wp\/v2\/pages\/1591\/revisions"}],"predecessor-version":[{"id":1823,"href":"https:\/\/memoria.escuelateresiana.com\/2022-23\/wp-json\/wp\/v2\/pages\/1591\/revisions\/1823"}],"wp:attachment":[{"href":"https:\/\/memoria.escuelateresiana.com\/2022-23\/wp-json\/wp\/v2\/media?parent=1591"}],"curies":[{"name":"wp","href":"https:\/\/api.w.org\/{rel}","templated":true}]}}