{"id":1540,"date":"2023-09-27T07:07:23","date_gmt":"2023-09-27T07:07:23","guid":{"rendered":"https:\/\/escuelateresiana.com\/colegios\/memoria\/?page_id=1540"},"modified":"2023-12-13T06:14:08","modified_gmt":"2023-12-13T06:14:08","slug":"clave-economica","status":"publish","type":"page","link":"https:\/\/memoria.escuelateresiana.com\/2022-23\/clave-economica\/","title":{"rendered":"Clave econ\u00f3mica"},"content":{"rendered":"<p>[vc_row css_animation=\u00bb\u00bb row_type=\u00bbrow\u00bb use_row_as_full_screen_section=\u00bbno\u00bb type=\u00bbgrid\u00bb angled_section=\u00bbno\u00bb text_align=\u00bbcenter\u00bb background_image_as_pattern=\u00bbwithout_pattern\u00bb padding_top=\u00bb80&#8243; padding_bottom=\u00bb80&#8243; z_index=\u00bb5&#8243; css=\u00bb.vc_custom_1700037382320{background-image: url(https:\/\/memoria.escuelateresiana.com\/2022-23\/wp-content\/uploads\/2022\/05\/SLIDE-SIN.png?id=493) !important;background-position: center !important;background-repeat: no-repeat !important;background-size: contain !important;}\u00bb][vc_column css=\u00bb.vc_custom_1525961830607{margin-top: -1% !important;}\u00bb][vc_column_text]<\/p>\n<h2 class=\"page-title \"><span style=\"color: #23406a;\">El ejercicio en clave econ\u00f3mica<\/span><\/h2>\n<p>&nbsp;<\/p>\n<p>La Fundaci\u00f3n Escuela Teresiana, con el fin de poder llevar a cabo el fin para que el que fue creada, pone especial \u00e9nfasis en cuidar y gestionar todos sus bienes. Administramos y gestionamos con el fin de responder al fin para el que ha sido creada y buscar la mejora continua de sus centros y comunidades educativas.[\/vc_column_text][\/vc_column][\/vc_row][vc_row css_animation=\u00bb\u00bb row_type=\u00bbrow\u00bb use_row_as_full_screen_section=\u00bbno\u00bb type=\u00bbfull_width\u00bb angled_section=\u00bbno\u00bb text_align=\u00bbleft\u00bb background_image_as_pattern=\u00bbwithout_pattern\u00bb background_image=\u00bb590&#8243; z_index=\u00bb\u00bb css=\u00bb.vc_custom_1695024972014{padding-right: 60px !important;padding-left: 60px !important;background-color: #dddddd !important;}\u00bb][vc_column][vc_empty_space height=\u00bb80px\u00bb][vc_row_inner row_type=\u00bbrow\u00bb type=\u00bbfull_width\u00bb text_align=\u00bbcenter\u00bb css_animation=\u00bb\u00bb][vc_column_inner width=\u00bb1\/2&#8243;][vc_column_text]<\/p>\n<h3 style=\"text-align: center;\"><span style=\"color: #23406a;\"><strong>Presupuesto 2021-2022<\/strong><\/span><\/h3>\n<p>[\/vc_column_text][vc_empty_space][\/vc_column_inner][vc_column_inner width=\u00bb1\/2&#8243;][vc_column_text]<\/p>\n<h3 style=\"text-align: center;\"><span style=\"color: #23406a;\"><strong>CCAA. Auditadas del curso 2020-2021<\/strong><\/span><\/h3>\n<p>[\/vc_column_text][vc_empty_space][\/vc_column_inner][\/vc_row_inner][vc_row_inner row_type=\u00bbrow\u00bb type=\u00bbfull_width\u00bb text_align=\u00bbleft\u00bb css_animation=\u00bb\u00bb][vc_column_inner width=\u00bb1\/2&#8243;][vc_single_image image=\u00bb1828&#8243; img_size=\u00bbfull\u00bb alignment=\u00bbcenter\u00bb qode_css_animation=\u00bb\u00bb][vc_empty_space][\/vc_column_inner][vc_column_inner width=\u00bb1\/2&#8243;][vc_single_image image=\u00bb1827&#8243; img_size=\u00bbfull\u00bb alignment=\u00bbcenter\u00bb qode_css_animation=\u00bb\u00bb][vc_empty_space][\/vc_column_inner][\/vc_row_inner][vc_empty_space height=\u00bb80px\u00bb][\/vc_column][\/vc_row][vc_row css_animation=\u00bb\u00bb row_type=\u00bbrow\u00bb use_row_as_full_screen_section=\u00bbno\u00bb type=\u00bbgrid\u00bb angled_section=\u00bbno\u00bb text_align=\u00bbcenter\u00bb background_image_as_pattern=\u00bbwithout_pattern\u00bb padding_top=\u00bb82&#8243; padding_bottom=\u00bb40&#8243; z_index=\u00bb5&#8243; css=\u00bb.vc_custom_1700037455384{background: #ffffff url(https:\/\/memoria.escuelateresiana.com\/2022-23\/wp-content\/uploads\/2023\/11\/fondook-1024&#215;409-1.jpeg?id=1745) !important;background-position: center !important;background-repeat: no-repeat !important;background-size: contain !important;}\u00bb][vc_column css=\u00bb.vc_custom_1525961830607{margin-top: -1% !important;}\u00bb][vc_column_text]<\/p>\n<h3 style=\"text-align: center;\"><span style=\"color: #23406a;\"><strong>Excedentes vs. inversi\u00f3n 2020-21<\/strong><\/span><\/h3>\n<p>[\/vc_column_text][vc_empty_space height=\u00bb40px\u00bb][vc_single_image image=\u00bb1830&#8243; img_size=\u00bbfull\u00bb alignment=\u00bbcenter\u00bb qode_css_animation=\u00bb\u00bb][vc_empty_space height=\u00bb40px\u00bb][\/vc_column][\/vc_row][vc_row css_animation=\u00bb\u00bb row_type=\u00bbrow\u00bb use_row_as_full_screen_section=\u00bbno\u00bb type=\u00bbfull_width\u00bb angled_section=\u00bbno\u00bb text_align=\u00bbleft\u00bb background_image_as_pattern=\u00bbwithout_pattern\u00bb background_image=\u00bb590&#8243; z_index=\u00bb\u00bb css=\u00bb.vc_custom_1695024972014{padding-right: 60px !important;padding-left: 60px !important;background-color: #dddddd !important;}\u00bb][vc_column][vc_empty_space height=\u00bb80px\u00bb][vc_row_inner row_type=\u00bbrow\u00bb type=\u00bbfull_width\u00bb text_align=\u00bbcenter\u00bb css_animation=\u00bb\u00bb][vc_column_inner width=\u00bb1\/2&#8243;][vc_column_text]<\/p>\n<h3 style=\"text-align: center;\"><span style=\"color: #23406a;\"><strong>Valor econ\u00f3mico creado<\/strong><\/span><\/h3>\n<p>[\/vc_column_text][vc_empty_space][\/vc_column_inner][vc_column_inner width=\u00bb1\/2&#8243;][vc_column_text]<\/p>\n<h3 style=\"text-align: center;\"><span style=\"color: #23406a;\"><strong>Valor econ\u00f3mico distribuido<\/strong><\/span><\/h3>\n<p>[\/vc_column_text][vc_empty_space][\/vc_column_inner][\/vc_row_inner][vc_row_inner row_type=\u00bbrow\u00bb type=\u00bbfull_width\u00bb text_align=\u00bbleft\u00bb css_animation=\u00bb\u00bb][vc_column_inner width=\u00bb1\/2&#8243;][vc_single_image image=\u00bb1833&#8243; img_size=\u00bbfull\u00bb alignment=\u00bbcenter\u00bb qode_css_animation=\u00bb\u00bb][vc_empty_space][\/vc_column_inner][vc_column_inner width=\u00bb1\/2&#8243;][vc_single_image image=\u00bb1834&#8243; img_size=\u00bbfull\u00bb alignment=\u00bbcenter\u00bb qode_css_animation=\u00bb\u00bb][vc_empty_space][\/vc_column_inner][\/vc_row_inner][vc_empty_space height=\u00bb80px\u00bb][\/vc_column][\/vc_row][vc_row css_animation=\u00bb\u00bb row_type=\u00bbrow\u00bb use_row_as_full_screen_section=\u00bbno\u00bb type=\u00bbgrid\u00bb angled_section=\u00bbno\u00bb text_align=\u00bbcenter\u00bb background_image_as_pattern=\u00bbwithout_pattern\u00bb padding_top=\u00bb82&#8243; padding_bottom=\u00bb40&#8243; z_index=\u00bb5&#8243; css=\u00bb.vc_custom_1654093836223{background-image: url(https:\/\/memoria.escuelateresiana.com\/2022-23\/wp-content\/uploads\/2022\/05\/SLIDE-SIN.png?id=493) !important;background-position: center !important;background-repeat: no-repeat !important;background-size: contain !important;}\u00bb][vc_column css=\u00bb.vc_custom_1525961830607{margin-top: -1% !important;}\u00bb][vc_empty_space height=\u00bb15px\u00bb]<div class='q_message ' style=''><div class='q_message_inner'><a href='#' class='close'><i class='fa fa-times' style=''><\/i><\/a><div class='message_text_holder'><div class='message_text'><div class='message_text_inner'>Si desea m\u00e1s informaci\u00f3n puede consultar nuestra secci\u00f3n\u00a0<a href=\"http:\/\/escuelateresiana.com\/transparencia\">Transparencia<\/a>\u00a0en la web de la Fundaci\u00f3n.<\/div><\/div><\/div><\/div><\/div>[vc_empty_space height=\u00bb60px\u00bb][\/vc_column][\/vc_row]<\/p>\n","protected":false},"excerpt":{"rendered":"<p>[vc_row css_animation=\u00bb\u00bb row_type=\u00bbrow\u00bb use_row_as_full_screen_section=\u00bbno\u00bb type=\u00bbgrid\u00bb angled_section=\u00bbno\u00bb text_align=\u00bbcenter\u00bb background_image_as_pattern=\u00bbwithout_pattern\u00bb padding_top=\u00bb80&#8243; padding_bottom=\u00bb80&#8243; z_index=\u00bb5&#8243; css=\u00bb.vc_custom_1700037382320{background-image: url(https:\/\/memoria.escuelateresiana.com\/2022-23\/wp-content\/uploads\/2022\/05\/SLIDE-SIN.png?id=493) !important;background-position: center !important;background-repeat: no-repeat !important;background-size: contain !important;}\u00bb][vc_column css=\u00bb.vc_custom_1525961830607{margin-top: -1% !important;}\u00bb][vc_column_text] El ejercicio en clave econ\u00f3mica &nbsp; La Fundaci\u00f3n Escuela Teresiana, con el fin de poder llevar a cabo el fin para que&#8230;<\/p>\n","protected":false},"author":1,"featured_media":0,"parent":0,"menu_order":0,"comment_status":"closed","ping_status":"closed","template":"full_width.php","meta":{"footnotes":""},"class_list":["post-1540","page","type-page","status-publish","hentry"],"_links":{"self":[{"href":"https:\/\/memoria.escuelateresiana.com\/2022-23\/wp-json\/wp\/v2\/pages\/1540","targetHints":{"allow":["GET"]}}],"collection":[{"href":"https:\/\/memoria.escuelateresiana.com\/2022-23\/wp-json\/wp\/v2\/pages"}],"about":[{"href":"https:\/\/memoria.escuelateresiana.com\/2022-23\/wp-json\/wp\/v2\/types\/page"}],"author":[{"embeddable":true,"href":"https:\/\/memoria.escuelateresiana.com\/2022-23\/wp-json\/wp\/v2\/users\/1"}],"replies":[{"embeddable":true,"href":"https:\/\/memoria.escuelateresiana.com\/2022-23\/wp-json\/wp\/v2\/comments?post=1540"}],"version-history":[{"count":14,"href":"https:\/\/memoria.escuelateresiana.com\/2022-23\/wp-json\/wp\/v2\/pages\/1540\/revisions"}],"predecessor-version":[{"id":1836,"href":"https:\/\/memoria.escuelateresiana.com\/2022-23\/wp-json\/wp\/v2\/pages\/1540\/revisions\/1836"}],"wp:attachment":[{"href":"https:\/\/memoria.escuelateresiana.com\/2022-23\/wp-json\/wp\/v2\/media?parent=1540"}],"curies":[{"name":"wp","href":"https:\/\/api.w.org\/{rel}","templated":true}]}}